{"id":4393,"date":"2021-04-22T14:51:40","date_gmt":"2021-04-22T12:51:40","guid":{"rendered":"https:\/\/wp-staging-1.juedisches-dortmund.de\/?post_type=mec-events&#038;p=4393"},"modified":"2021-04-26T23:05:44","modified_gmt":"2021-04-26T21:05:44","slug":"synagogenfuehrung-bejt-haknesset","status":"publish","type":"mec-events","link":"https:\/\/juedisches-dortmund.de\/en\/events\/synagogenfuehrung-bejt-haknesset\/","title":{"rendered":"Synagogenf\u00fchrung \u00a0\u201eBejt Haknesset\u201c"},"content":{"rendered":"<p>Die Synagoge ist ein \u201eHaus der Versammlung\u201c, in hebr\u00e4ischer Sprache<br \/>\n\u201eBejt Haknesset\u201c. Dort wird gemeinsam gebetet, gesungen, diskutiert und die Thora gelesen. Neben den Gottesdiensten und Gebetszeiten finden auch Konzerte und Vortr\u00e4ge statt. Im angeschlossenen Gemeindehaus treffen sich zahlreiche Gemeindegruppen. In den Gemeinder\u00e4umen findet auch der j\u00fcdische Religionsunterricht statt.<br \/>\nDer Kantor der J\u00fcdischen Kultusgemeinde Dortmund, Arie Mozes, f\u00fchrt durch die Synagoge. Er wird j\u00fcdische Feste und den Schabbatgottesdienst vorstellen und Fragen zum Leben der Gemeinde beantworten.<br \/>\nFalls es die allgemeine Pandemie-Lage zul\u00e4sst, kann anschlie\u00dfend um 18.00 Uhr am Schabbat-Gottesdienst teilgenommen werden.<\/p>\n<p><strong>Termin<\/strong>: Freitag, 1. Oktober 2021, 17.15 Uhr<br \/>\n<strong>Ort<\/strong>: J\u00fcdische Kultusgemeinde, Prinz-Friedrich-Karl-Str. 9<\/p>\n<p><strong>Leitung<\/strong>: Ina Annette Bierbrodt, Schulreferentin<br \/>\nMax. 20 Personen \u2013 f\u00fcr alle Interessierte offen.<br \/>\n<strong>Anmeldung<\/strong> \u00fcber: www.schulreferat.de (Startseite \/Fortbildungen)<\/p>\n<p>Bitte haben Sie Verst\u00e4ndnis, dass die J\u00fcdische Kultusgemeinde besondere Sicherheitsma\u00dfnahmen durchf\u00fchren muss. Dazu bitte den Personalausweis mitbringen. Melden Sie sich bitte unbedingt \u00fcber das Schulreferat an, da alle Besucher*innen auch aus Sicherheitsgr\u00fcnden registriert werden. Falls m\u00f6glich, sollten m\u00e4nnliche Teilnehmer bitte eine Kopfbedeckung mitbringen.<\/p>\n<p><strong>Veranstalter<\/strong>:<br \/>\nGesellschaft f\u00fcr christlich-j\u00fcdische Zusammenarbeit Dortmund e.V. und das<br \/>\nSchulreferat des Evangelischen Kirchenkreises Dortmund<\/p>\n","protected":false},"excerpt":{"rendered":"<p>Die Synagoge ist ein \u201eHaus der Versammlung\u201c, in hebr\u00e4ischer Sprache \u201eBejt Haknesset\u201c. Dort wird gemeinsam gebetet, gesungen, diskutiert und die Thora gelesen. Neben den Gottesdiensten und Gebetszeiten finden auch Konzerte und Vortr\u00e4ge statt. Im angeschlossenen Gemeindehaus treffen sich zahlreiche Gemeindegruppen. In den Gemeinder\u00e4umen findet auch der j\u00fcdische Religionsunterricht statt. Der Kantor der J\u00fcdischen Kultusgemeinde Dortmund, [&hellip;]<\/p>\n","protected":false},"author":2,"featured_media":4178,"comment_status":"closed","ping_status":"closed","template":"","meta":{"inline_featured_image":false,"site-sidebar-layout":"default","site-content-layout":"default","ast-site-content-layout":"default","site-content-style":"default","site-sidebar-style":"default","ast-global-header-display":"","ast-banner-title-visibility":"","ast-main-header-display":"","ast-hfb-above-header-display":"","ast-hfb-below-header-display":"","ast-hfb-mobile-header-display":"","site-post-title":"disabled","ast-breadcrumbs-content":"","ast-featured-img":"","footer-sml-layout":"","ast-disable-related-posts":"","theme-transparent-header-meta":"default","adv-header-id-meta":"","stick-header-meta":"","header-above-stick-meta":"","header-main-stick-meta":"","header-below-stick-meta":"","astra-migrate-meta-layouts":"default","ast-page-background-enabled":"default","ast-page-background-meta":{"desktop":{"background-color":"","background-image":"","background-repeat":"repeat","background-position":"center center","background-size":"auto","background-attachment":"scroll","background-type":"","background-media":"","overlay-type":"","overlay-color":"","overlay-opacity":"","overlay-gradient":""},"tablet":{"background-color":"","background-image":"","background-repeat":"repeat","background-position":"center center","background-size":"auto","background-attachment":"scroll","background-type":"","background-media":"","overlay-type":"","overlay-color":"","overlay-opacity":"","overlay-gradient":""},"mobile":{"background-color":"","background-image":"","background-repeat":"repeat","background-position":"center center","background-size":"auto","background-attachment":"scroll","background-type":"","background-media":"","overlay-type":"","overlay-color":"","overlay-opacity":"","overlay-gradient":""}},"ast-content-background-meta":{"desktop":{"background-color":"var(--ast-global-color-5)","background-image":"","background-repeat":"repeat","background-position":"center center","background-size":"auto","background-attachment":"scroll","background-type":"","background-media":"","overlay-type":"","overlay-color":"","overlay-opacity":"","overlay-gradient":""},"tablet":{"background-color":"var(--ast-global-color-5)","background-image":"","background-repeat":"repeat","background-position":"center center","background-size":"auto","background-attachment":"scroll","background-type":"","background-media":"","overlay-type":"","overlay-color":"","overlay-opacity":"","overlay-gradient":""},"mobile":{"background-color":"var(--ast-global-color-5)","background-image":"","background-repeat":"repeat","background-position":"center center","background-size":"auto","background-attachment":"scroll","background-type":"","background-media":"","overlay-type":"","overlay-color":"","overlay-opacity":"","overlay-gradient":""}}},"tags":[],"mec_category":[36,34,35],"class_list":["post-4393","mec-events","type-mec-events","status-publish","has-post-thumbnail","hentry","mec_category-fuehrung","mec_category-juedisches-dortmund-kalender","mec_category-synagogenfuehrung"],"yoast_head":"<!-- This site is optimized with the Yoast SEO plugin v27.2 - https:\/\/yoast.com\/product\/yoast-seo-wordpress\/ -->\n<title>Synagogenf\u00fchrung \u00a0\u201eBejt Haknesset\u201c - J\u00fcdisches Dortmund | english<\/title>\n<meta name=\"robots\" content=\"index, follow, max-snippet:-1, max-image-preview:large, max-video-preview:-1\" \/>\n<link rel=\"canonical\" href=\"https:\/\/juedisches-dortmund.de\/en\/events\/synagogenfuehrung-bejt-haknesset\/\" \/>\n<meta property=\"og:locale\" content=\"de_DE\" \/>\n<meta property=\"og:type\" content=\"article\" \/>\n<meta property=\"og:title\" content=\"Synagogenf\u00fchrung \u00a0\u201eBejt Haknesset\u201c - J\u00fcdisches Dortmund | english\" \/>\n<meta property=\"og:description\" content=\"Die Synagoge ist ein \u201eHaus der Versammlung\u201c, in hebr\u00e4ischer Sprache \u201eBejt Haknesset\u201c. Dort wird gemeinsam gebetet, gesungen, diskutiert und die Thora gelesen. Neben den Gottesdiensten und Gebetszeiten finden auch Konzerte und Vortr\u00e4ge statt. Im angeschlossenen Gemeindehaus treffen sich zahlreiche Gemeindegruppen. In den Gemeinder\u00e4umen findet auch der j\u00fcdische Religionsunterricht statt. Der Kantor der J\u00fcdischen Kultusgemeinde Dortmund, [&hellip;]\" \/>\n<meta property=\"og:url\" content=\"https:\/\/juedisches-dortmund.de\/en\/events\/synagogenfuehrung-bejt-haknesset\/\" \/>\n<meta property=\"og:site_name\" content=\"J\u00fcdisches Dortmund | english\" \/>\n<meta property=\"article:modified_time\" content=\"2021-04-26T21:05:44+00:00\" \/>\n<meta property=\"og:image\" content=\"https:\/\/juedisches-dortmund.de\/en\/wp-content\/uploads\/sites\/5\/2021\/04\/Kalender-grau2.png\" \/>\n\t<meta property=\"og:image:width\" content=\"800\" \/>\n\t<meta property=\"og:image:height\" content=\"533\" \/>\n\t<meta property=\"og:image:type\" content=\"image\/png\" \/>\n<meta name=\"twitter:card\" content=\"summary_large_image\" \/>\n<meta name=\"twitter:label1\" content=\"Gesch\u00e4tzte Lesezeit\" \/>\n\t<meta name=\"twitter:data1\" content=\"1\u00a0Minute\" \/>\n<script type=\"application\/ld+json\" class=\"yoast-schema-graph\">{\"@context\":\"https:\/\/schema.org\",\"@graph\":[{\"@type\":\"WebPage\",\"@id\":\"https:\/\/juedisches-dortmund.de\/en\/events\/synagogenfuehrung-bejt-haknesset\/\",\"url\":\"https:\/\/juedisches-dortmund.de\/en\/events\/synagogenfuehrung-bejt-haknesset\/\",\"name\":\"Synagogenf\u00fchrung \u00a0\u201eBejt Haknesset\u201c - J\u00fcdisches Dortmund | english\",\"isPartOf\":{\"@id\":\"https:\/\/juedisches-dortmund.de\/en\/#website\"},\"primaryImageOfPage\":{\"@id\":\"https:\/\/juedisches-dortmund.de\/en\/events\/synagogenfuehrung-bejt-haknesset\/#primaryimage\"},\"image\":{\"@id\":\"https:\/\/juedisches-dortmund.de\/en\/events\/synagogenfuehrung-bejt-haknesset\/#primaryimage\"},\"thumbnailUrl\":\"https:\/\/juedisches-dortmund.de\/en\/wp-content\/uploads\/sites\/5\/2021\/04\/Kalender-grau2.png\",\"datePublished\":\"2021-04-22T12:51:40+00:00\",\"dateModified\":\"2021-04-26T21:05:44+00:00\",\"breadcrumb\":{\"@id\":\"https:\/\/juedisches-dortmund.de\/en\/events\/synagogenfuehrung-bejt-haknesset\/#breadcrumb\"},\"inLanguage\":\"de\",\"potentialAction\":[{\"@type\":\"ReadAction\",\"target\":[\"https:\/\/juedisches-dortmund.de\/en\/events\/synagogenfuehrung-bejt-haknesset\/\"]}]},{\"@type\":\"ImageObject\",\"inLanguage\":\"de\",\"@id\":\"https:\/\/juedisches-dortmund.de\/en\/events\/synagogenfuehrung-bejt-haknesset\/#primaryimage\",\"url\":\"https:\/\/juedisches-dortmund.de\/en\/wp-content\/uploads\/sites\/5\/2021\/04\/Kalender-grau2.png\",\"contentUrl\":\"https:\/\/juedisches-dortmund.de\/en\/wp-content\/uploads\/sites\/5\/2021\/04\/Kalender-grau2.png\",\"width\":800,\"height\":533,\"caption\":\"Kalender Symbol\"},{\"@type\":\"BreadcrumbList\",\"@id\":\"https:\/\/juedisches-dortmund.de\/en\/events\/synagogenfuehrung-bejt-haknesset\/#breadcrumb\",\"itemListElement\":[{\"@type\":\"ListItem\",\"position\":1,\"name\":\"Startseite\",\"item\":\"https:\/\/juedisches-dortmund.de\/en\/\"},{\"@type\":\"ListItem\",\"position\":2,\"name\":\"Veranstaltungen\",\"item\":\"https:\/\/juedisches-dortmund.de\/en\/events\/\"},{\"@type\":\"ListItem\",\"position\":3,\"name\":\"Synagogenf\u00fchrung \u00a0\u201eBejt Haknesset\u201c\"}]},{\"@type\":\"WebSite\",\"@id\":\"https:\/\/juedisches-dortmund.de\/en\/#website\",\"url\":\"https:\/\/juedisches-dortmund.de\/en\/\",\"name\":\"J\u00fcdisches Dortmund | english\",\"description\":\"\",\"publisher\":{\"@id\":\"https:\/\/juedisches-dortmund.de\/en\/#organization\"},\"potentialAction\":[{\"@type\":\"SearchAction\",\"target\":{\"@type\":\"EntryPoint\",\"urlTemplate\":\"https:\/\/juedisches-dortmund.de\/en\/?s={search_term_string}\"},\"query-input\":{\"@type\":\"PropertyValueSpecification\",\"valueRequired\":true,\"valueName\":\"search_term_string\"}}],\"inLanguage\":\"de\"},{\"@type\":\"Organization\",\"@id\":\"https:\/\/juedisches-dortmund.de\/en\/#organization\",\"name\":\"J\u00fcdisches Dortmund | english\",\"url\":\"https:\/\/juedisches-dortmund.de\/en\/\",\"logo\":{\"@type\":\"ImageObject\",\"inLanguage\":\"de\",\"@id\":\"https:\/\/juedisches-dortmund.de\/en\/#\/schema\/logo\/image\/\",\"url\":\"https:\/\/juedisches-dortmund.de\/en\/wp-content\/uploads\/sites\/5\/2021\/03\/cropped-logo-height240.png\",\"contentUrl\":\"https:\/\/juedisches-dortmund.de\/en\/wp-content\/uploads\/sites\/5\/2021\/03\/cropped-logo-height240.png\",\"width\":419,\"height\":240,\"caption\":\"J\u00fcdisches Dortmund | english\"},\"image\":{\"@id\":\"https:\/\/juedisches-dortmund.de\/en\/#\/schema\/logo\/image\/\"}}]}<\/script>\n<!-- \/ Yoast SEO plugin. -->","yoast_head_json":{"title":"Synagogenf\u00fchrung \u00a0\u201eBejt Haknesset\u201c - J\u00fcdisches Dortmund | english","robots":{"index":"index","follow":"follow","max-snippet":"max-snippet:-1","max-image-preview":"max-image-preview:large","max-video-preview":"max-video-preview:-1"},"canonical":"https:\/\/juedisches-dortmund.de\/en\/events\/synagogenfuehrung-bejt-haknesset\/","og_locale":"de_DE","og_type":"article","og_title":"Synagogenf\u00fchrung \u00a0\u201eBejt Haknesset\u201c - J\u00fcdisches Dortmund | english","og_description":"Die Synagoge ist ein \u201eHaus der Versammlung\u201c, in hebr\u00e4ischer Sprache \u201eBejt Haknesset\u201c. Dort wird gemeinsam gebetet, gesungen, diskutiert und die Thora gelesen. Neben den Gottesdiensten und Gebetszeiten finden auch Konzerte und Vortr\u00e4ge statt. Im angeschlossenen Gemeindehaus treffen sich zahlreiche Gemeindegruppen. In den Gemeinder\u00e4umen findet auch der j\u00fcdische Religionsunterricht statt. Der Kantor der J\u00fcdischen Kultusgemeinde Dortmund, [&hellip;]","og_url":"https:\/\/juedisches-dortmund.de\/en\/events\/synagogenfuehrung-bejt-haknesset\/","og_site_name":"J\u00fcdisches Dortmund | english","article_modified_time":"2021-04-26T21:05:44+00:00","og_image":[{"width":800,"height":533,"url":"https:\/\/juedisches-dortmund.de\/en\/wp-content\/uploads\/sites\/5\/2021\/04\/Kalender-grau2.png","type":"image\/png"}],"twitter_card":"summary_large_image","twitter_misc":{"Gesch\u00e4tzte Lesezeit":"1\u00a0Minute"},"schema":{"@context":"https:\/\/schema.org","@graph":[{"@type":"WebPage","@id":"https:\/\/juedisches-dortmund.de\/en\/events\/synagogenfuehrung-bejt-haknesset\/","url":"https:\/\/juedisches-dortmund.de\/en\/events\/synagogenfuehrung-bejt-haknesset\/","name":"Synagogenf\u00fchrung \u00a0\u201eBejt Haknesset\u201c - J\u00fcdisches Dortmund | english","isPartOf":{"@id":"https:\/\/juedisches-dortmund.de\/en\/#website"},"primaryImageOfPage":{"@id":"https:\/\/juedisches-dortmund.de\/en\/events\/synagogenfuehrung-bejt-haknesset\/#primaryimage"},"image":{"@id":"https:\/\/juedisches-dortmund.de\/en\/events\/synagogenfuehrung-bejt-haknesset\/#primaryimage"},"thumbnailUrl":"https:\/\/juedisches-dortmund.de\/en\/wp-content\/uploads\/sites\/5\/2021\/04\/Kalender-grau2.png","datePublished":"2021-04-22T12:51:40+00:00","dateModified":"2021-04-26T21:05:44+00:00","breadcrumb":{"@id":"https:\/\/juedisches-dortmund.de\/en\/events\/synagogenfuehrung-bejt-haknesset\/#breadcrumb"},"inLanguage":"de","potentialAction":[{"@type":"ReadAction","target":["https:\/\/juedisches-dortmund.de\/en\/events\/synagogenfuehrung-bejt-haknesset\/"]}]},{"@type":"ImageObject","inLanguage":"de","@id":"https:\/\/juedisches-dortmund.de\/en\/events\/synagogenfuehrung-bejt-haknesset\/#primaryimage","url":"https:\/\/juedisches-dortmund.de\/en\/wp-content\/uploads\/sites\/5\/2021\/04\/Kalender-grau2.png","contentUrl":"https:\/\/juedisches-dortmund.de\/en\/wp-content\/uploads\/sites\/5\/2021\/04\/Kalender-grau2.png","width":800,"height":533,"caption":"Kalender Symbol"},{"@type":"BreadcrumbList","@id":"https:\/\/juedisches-dortmund.de\/en\/events\/synagogenfuehrung-bejt-haknesset\/#breadcrumb","itemListElement":[{"@type":"ListItem","position":1,"name":"Startseite","item":"https:\/\/juedisches-dortmund.de\/en\/"},{"@type":"ListItem","position":2,"name":"Veranstaltungen","item":"https:\/\/juedisches-dortmund.de\/en\/events\/"},{"@type":"ListItem","position":3,"name":"Synagogenf\u00fchrung \u00a0\u201eBejt Haknesset\u201c"}]},{"@type":"WebSite","@id":"https:\/\/juedisches-dortmund.de\/en\/#website","url":"https:\/\/juedisches-dortmund.de\/en\/","name":"J\u00fcdisches Dortmund | english","description":"","publisher":{"@id":"https:\/\/juedisches-dortmund.de\/en\/#organization"},"potentialAction":[{"@type":"SearchAction","target":{"@type":"EntryPoint","urlTemplate":"https:\/\/juedisches-dortmund.de\/en\/?s={search_term_string}"},"query-input":{"@type":"PropertyValueSpecification","valueRequired":true,"valueName":"search_term_string"}}],"inLanguage":"de"},{"@type":"Organization","@id":"https:\/\/juedisches-dortmund.de\/en\/#organization","name":"J\u00fcdisches Dortmund | english","url":"https:\/\/juedisches-dortmund.de\/en\/","logo":{"@type":"ImageObject","inLanguage":"de","@id":"https:\/\/juedisches-dortmund.de\/en\/#\/schema\/logo\/image\/","url":"https:\/\/juedisches-dortmund.de\/en\/wp-content\/uploads\/sites\/5\/2021\/03\/cropped-logo-height240.png","contentUrl":"https:\/\/juedisches-dortmund.de\/en\/wp-content\/uploads\/sites\/5\/2021\/03\/cropped-logo-height240.png","width":419,"height":240,"caption":"J\u00fcdisches Dortmund | english"},"image":{"@id":"https:\/\/juedisches-dortmund.de\/en\/#\/schema\/logo\/image\/"}}]}},"_links":{"self":[{"href":"https:\/\/juedisches-dortmund.de\/en\/wp-json\/wp\/v2\/mec-events\/4393","targetHints":{"allow":["GET"]}}],"collection":[{"href":"https:\/\/juedisches-dortmund.de\/en\/wp-json\/wp\/v2\/mec-events"}],"about":[{"href":"https:\/\/juedisches-dortmund.de\/en\/wp-json\/wp\/v2\/types\/mec-events"}],"author":[{"embeddable":true,"href":"https:\/\/juedisches-dortmund.de\/en\/wp-json\/wp\/v2\/users\/2"}],"replies":[{"embeddable":true,"href":"https:\/\/juedisches-dortmund.de\/en\/wp-json\/wp\/v2\/comments?post=4393"}],"wp:featuredmedia":[{"embeddable":true,"href":"https:\/\/juedisches-dortmund.de\/en\/wp-json\/wp\/v2\/media\/4178"}],"wp:attachment":[{"href":"https:\/\/juedisches-dortmund.de\/en\/wp-json\/wp\/v2\/media?parent=4393"}],"wp:term":[{"taxonomy":"post_tag","embeddable":true,"href":"https:\/\/juedisches-dortmund.de\/en\/wp-json\/wp\/v2\/tags?post=4393"},{"taxonomy":"mec_category","embeddable":true,"href":"https:\/\/juedisches-dortmund.de\/en\/wp-json\/wp\/v2\/mec_category?post=4393"}],"curies":[{"name":"wp","href":"https:\/\/api.w.org\/{rel}","templated":true}]}}