{"id":4237,"date":"2021-04-21T19:17:36","date_gmt":"2021-04-21T17:17:36","guid":{"rendered":"https:\/\/wp-staging-1.juedisches-dortmund.de\/?post_type=mec-events&#038;p=4237"},"modified":"2021-04-26T23:03:35","modified_gmt":"2021-04-26T21:03:35","slug":"weg-der-verbundenheit-ein-oeffentlicher-rundgang-ueber-mehrere-stationen-in-der-dortmunder-innenstadt","status":"publish","type":"mec-events","link":"https:\/\/juedisches-dortmund.de\/en\/events\/weg-der-verbundenheit-ein-oeffentlicher-rundgang-ueber-mehrere-stationen-in-der-dortmunder-innenstadt\/","title":{"rendered":"Weg der Verbundenheit. Ein \u00f6ffentlicher Rundgang \u00fcber mehrere Stationen in der Dortmunder Innenstadt"},"content":{"rendered":"<h4>Rundgang<\/h4>\n<p>Diese Veranstaltung ist etwas Besonderes. Das Miteinander von Christ*innen, J\u00fcd*innen und B\u00fcrgerschaft wird \u00f6ffentlich durch einen gemeinsamen Rundgang dargestellt. Das ist ein Zeichen f\u00fcr das friedliche Zusammenleben in dieser Stadt und ein Bekenntnis gegen jeden Antisemitismus. Nicht zuletzt soll es ein interessanter und unterhaltsamer Nachmittag mit vielen menschlichen Begegnungen werden.<br \/>\nVom Platz der alten Synagoge f\u00fchrt der gemeinsame Weg symboltr\u00e4chtig \u00fcber den Friedensplatz zur Stadtkirche St. Reinoldi, dann \u00fcber weitere Stationen bis zum J\u00fcdischen Gemeindehaus. An jeder Station werden besondere Aspekte des Miteinanders gew\u00fcrdigt. Zwischendurch wird gelaufen, geredet und gelacht. Immer wieder gibt es Musik, die unterh\u00e4lt und an jeder Station eine besondere Aktion, die die Teilnehmenden einbezieht.<br \/>\nDer demonstrative \u201eWeg der Verbundenheit\u201c dauert insgesamt etwa zwei Stunden und m\u00fcndet in ein geselliges Beisammensein an der Kultusgemeinde.<\/p>\n<p><strong>Termin:<\/strong> 05.09.2021, 15.00 bis 17.00 Uhr (anschlie\u00dfend geselliges Zusammensein bis 17.30 Uhr geplant).<br \/>\nStartpunkt um 15 Uhr: Platz der alten Synagoge (neben dem Opernhaus), Endpunkt: um 17 Uhr, Prinz-Friedrich-Karl-Stra\u00dfe (vor dem j\u00fcdischen Gemeindehaus)<br \/>\n<strong>Anmeldung:<\/strong> Erbeten bis eine Woche vor Beginn: Evangelischer Kirchenkreis Dortmund, Referat f. Gesellschaftliche Verantwortung, J\u00e4gerstra\u00dfe 5, 44145 Dortmund Tel. 0231\/8494-373, Email: rgv@ekkdo.de<br \/>\n<strong>Veranstalter:<\/strong> Evangelischer Kirchenkreis, J\u00fcdische Kultusgemeinde und Katholische Stadtkirche<\/p>\n","protected":false},"excerpt":{"rendered":"<p>Rundgang Diese Veranstaltung ist etwas Besonderes. Das Miteinander von Christ*innen, J\u00fcd*innen und B\u00fcrgerschaft wird \u00f6ffentlich durch einen gemeinsamen Rundgang dargestellt. Das ist ein Zeichen f\u00fcr das friedliche Zusammenleben in dieser Stadt und ein Bekenntnis gegen jeden Antisemitismus. Nicht zuletzt soll es ein interessanter und unterhaltsamer Nachmittag mit vielen menschlichen Begegnungen werden. Vom Platz der alten [&hellip;]<\/p>\n","protected":false},"author":2,"featured_media":2742,"comment_status":"open","ping_status":"closed","template":"","meta":{"inline_featured_image":false,"site-sidebar-layout":"default","site-content-layout":"default","ast-site-content-layout":"default","site-content-style":"default","site-sidebar-style":"default","ast-global-header-display":"","ast-banner-title-visibility":"","ast-main-header-display":"","ast-hfb-above-header-display":"","ast-hfb-below-header-display":"","ast-hfb-mobile-header-display":"","site-post-title":"","ast-breadcrumbs-content":"","ast-featured-img":"","footer-sml-layout":"","ast-disable-related-posts":"","theme-transparent-header-meta":"default","adv-header-id-meta":"","stick-header-meta":"","header-above-stick-meta":"","header-main-stick-meta":"","header-below-stick-meta":"","astra-migrate-meta-layouts":"default","ast-page-background-enabled":"default","ast-page-background-meta":{"desktop":{"background-color":"","background-image":"","background-repeat":"repeat","background-position":"center center","background-size":"auto","background-attachment":"scroll","background-type":"","background-media":"","overlay-type":"","overlay-color":"","overlay-opacity":"","overlay-gradient":""},"tablet":{"background-color":"","background-image":"","background-repeat":"repeat","background-position":"center center","background-size":"auto","background-attachment":"scroll","background-type":"","background-media":"","overlay-type":"","overlay-color":"","overlay-opacity":"","overlay-gradient":""},"mobile":{"background-color":"","background-image":"","background-repeat":"repeat","background-position":"center center","background-size":"auto","background-attachment":"scroll","background-type":"","background-media":"","overlay-type":"","overlay-color":"","overlay-opacity":"","overlay-gradient":""}},"ast-content-background-meta":{"desktop":{"background-color":"var(--ast-global-color-5)","background-image":"","background-repeat":"repeat","background-position":"center center","background-size":"auto","background-attachment":"scroll","background-type":"","background-media":"","overlay-type":"","overlay-color":"","overlay-opacity":"","overlay-gradient":""},"tablet":{"background-color":"var(--ast-global-color-5)","background-image":"","background-repeat":"repeat","background-position":"center center","background-size":"auto","background-attachment":"scroll","background-type":"","background-media":"","overlay-type":"","overlay-color":"","overlay-opacity":"","overlay-gradient":""},"mobile":{"background-color":"var(--ast-global-color-5)","background-image":"","background-repeat":"repeat","background-position":"center center","background-size":"auto","background-attachment":"scroll","background-type":"","background-media":"","overlay-type":"","overlay-color":"","overlay-opacity":"","overlay-gradient":""}}},"tags":[],"mec_category":[36,34],"class_list":["post-4237","mec-events","type-mec-events","status-publish","has-post-thumbnail","hentry","mec_category-fuehrung","mec_category-juedisches-dortmund-kalender"],"yoast_head":"<!-- This site is optimized with the Yoast SEO plugin v27.2 - https:\/\/yoast.com\/product\/yoast-seo-wordpress\/ -->\n<title>Weg der Verbundenheit. Ein \u00f6ffentlicher Rundgang \u00fcber mehrere Stationen in der Dortmunder Innenstadt - J\u00fcdisches Dortmund | english<\/title>\n<meta name=\"robots\" content=\"index, follow, max-snippet:-1, max-image-preview:large, max-video-preview:-1\" \/>\n<link rel=\"canonical\" href=\"https:\/\/juedisches-dortmund.de\/en\/events\/weg-der-verbundenheit-ein-oeffentlicher-rundgang-ueber-mehrere-stationen-in-der-dortmunder-innenstadt\/\" \/>\n<meta property=\"og:locale\" content=\"de_DE\" \/>\n<meta property=\"og:type\" content=\"article\" \/>\n<meta property=\"og:title\" content=\"Weg der Verbundenheit. Ein \u00f6ffentlicher Rundgang \u00fcber mehrere Stationen in der Dortmunder Innenstadt - J\u00fcdisches Dortmund | english\" \/>\n<meta property=\"og:description\" content=\"Rundgang Diese Veranstaltung ist etwas Besonderes. Das Miteinander von Christ*innen, J\u00fcd*innen und B\u00fcrgerschaft wird \u00f6ffentlich durch einen gemeinsamen Rundgang dargestellt. Das ist ein Zeichen f\u00fcr das friedliche Zusammenleben in dieser Stadt und ein Bekenntnis gegen jeden Antisemitismus. Nicht zuletzt soll es ein interessanter und unterhaltsamer Nachmittag mit vielen menschlichen Begegnungen werden. Vom Platz der alten [&hellip;]\" \/>\n<meta property=\"og:url\" content=\"https:\/\/juedisches-dortmund.de\/en\/events\/weg-der-verbundenheit-ein-oeffentlicher-rundgang-ueber-mehrere-stationen-in-der-dortmunder-innenstadt\/\" \/>\n<meta property=\"og:site_name\" content=\"J\u00fcdisches Dortmund | english\" \/>\n<meta property=\"article:modified_time\" content=\"2021-04-26T21:03:35+00:00\" \/>\n<meta property=\"og:image\" content=\"https:\/\/juedisches-dortmund.de\/en\/wp-content\/uploads\/sites\/5\/2021\/03\/Synagoge_Hansastrasse_1926-2web.jpg\" \/>\n\t<meta property=\"og:image:width\" content=\"2400\" \/>\n\t<meta property=\"og:image:height\" content=\"1457\" \/>\n\t<meta property=\"og:image:type\" content=\"image\/jpeg\" \/>\n<meta name=\"twitter:card\" content=\"summary_large_image\" \/>\n<meta name=\"twitter:label1\" content=\"Gesch\u00e4tzte Lesezeit\" \/>\n\t<meta name=\"twitter:data1\" content=\"1\u00a0Minute\" \/>\n<script type=\"application\/ld+json\" class=\"yoast-schema-graph\">{\"@context\":\"https:\/\/schema.org\",\"@graph\":[{\"@type\":\"WebPage\",\"@id\":\"https:\/\/juedisches-dortmund.de\/en\/events\/weg-der-verbundenheit-ein-oeffentlicher-rundgang-ueber-mehrere-stationen-in-der-dortmunder-innenstadt\/\",\"url\":\"https:\/\/juedisches-dortmund.de\/en\/events\/weg-der-verbundenheit-ein-oeffentlicher-rundgang-ueber-mehrere-stationen-in-der-dortmunder-innenstadt\/\",\"name\":\"Weg der Verbundenheit. Ein \u00f6ffentlicher Rundgang \u00fcber mehrere Stationen in der Dortmunder Innenstadt - J\u00fcdisches Dortmund | english\",\"isPartOf\":{\"@id\":\"https:\/\/juedisches-dortmund.de\/en\/#website\"},\"primaryImageOfPage\":{\"@id\":\"https:\/\/juedisches-dortmund.de\/en\/events\/weg-der-verbundenheit-ein-oeffentlicher-rundgang-ueber-mehrere-stationen-in-der-dortmunder-innenstadt\/#primaryimage\"},\"image\":{\"@id\":\"https:\/\/juedisches-dortmund.de\/en\/events\/weg-der-verbundenheit-ein-oeffentlicher-rundgang-ueber-mehrere-stationen-in-der-dortmunder-innenstadt\/#primaryimage\"},\"thumbnailUrl\":\"https:\/\/juedisches-dortmund.de\/en\/wp-content\/uploads\/sites\/5\/2021\/03\/Synagoge_Hansastrasse_1926-2web.jpg\",\"datePublished\":\"2021-04-21T17:17:36+00:00\",\"dateModified\":\"2021-04-26T21:03:35+00:00\",\"breadcrumb\":{\"@id\":\"https:\/\/juedisches-dortmund.de\/en\/events\/weg-der-verbundenheit-ein-oeffentlicher-rundgang-ueber-mehrere-stationen-in-der-dortmunder-innenstadt\/#breadcrumb\"},\"inLanguage\":\"de\",\"potentialAction\":[{\"@type\":\"ReadAction\",\"target\":[\"https:\/\/juedisches-dortmund.de\/en\/events\/weg-der-verbundenheit-ein-oeffentlicher-rundgang-ueber-mehrere-stationen-in-der-dortmunder-innenstadt\/\"]}]},{\"@type\":\"ImageObject\",\"inLanguage\":\"de\",\"@id\":\"https:\/\/juedisches-dortmund.de\/en\/events\/weg-der-verbundenheit-ein-oeffentlicher-rundgang-ueber-mehrere-stationen-in-der-dortmunder-innenstadt\/#primaryimage\",\"url\":\"https:\/\/juedisches-dortmund.de\/en\/wp-content\/uploads\/sites\/5\/2021\/03\/Synagoge_Hansastrasse_1926-2web.jpg\",\"contentUrl\":\"https:\/\/juedisches-dortmund.de\/en\/wp-content\/uploads\/sites\/5\/2021\/03\/Synagoge_Hansastrasse_1926-2web.jpg\",\"width\":2400,\"height\":1457,\"caption\":\"Synagoge Dortmund, Hansastrasse 1926\"},{\"@type\":\"BreadcrumbList\",\"@id\":\"https:\/\/juedisches-dortmund.de\/en\/events\/weg-der-verbundenheit-ein-oeffentlicher-rundgang-ueber-mehrere-stationen-in-der-dortmunder-innenstadt\/#breadcrumb\",\"itemListElement\":[{\"@type\":\"ListItem\",\"position\":1,\"name\":\"Startseite\",\"item\":\"https:\/\/juedisches-dortmund.de\/en\/\"},{\"@type\":\"ListItem\",\"position\":2,\"name\":\"Veranstaltungen\",\"item\":\"https:\/\/juedisches-dortmund.de\/en\/events\/\"},{\"@type\":\"ListItem\",\"position\":3,\"name\":\"Weg der Verbundenheit. Ein \u00f6ffentlicher Rundgang \u00fcber mehrere Stationen in der Dortmunder Innenstadt\"}]},{\"@type\":\"WebSite\",\"@id\":\"https:\/\/juedisches-dortmund.de\/en\/#website\",\"url\":\"https:\/\/juedisches-dortmund.de\/en\/\",\"name\":\"J\u00fcdisches Dortmund | english\",\"description\":\"\",\"publisher\":{\"@id\":\"https:\/\/juedisches-dortmund.de\/en\/#organization\"},\"potentialAction\":[{\"@type\":\"SearchAction\",\"target\":{\"@type\":\"EntryPoint\",\"urlTemplate\":\"https:\/\/juedisches-dortmund.de\/en\/?s={search_term_string}\"},\"query-input\":{\"@type\":\"PropertyValueSpecification\",\"valueRequired\":true,\"valueName\":\"search_term_string\"}}],\"inLanguage\":\"de\"},{\"@type\":\"Organization\",\"@id\":\"https:\/\/juedisches-dortmund.de\/en\/#organization\",\"name\":\"J\u00fcdisches Dortmund | english\",\"url\":\"https:\/\/juedisches-dortmund.de\/en\/\",\"logo\":{\"@type\":\"ImageObject\",\"inLanguage\":\"de\",\"@id\":\"https:\/\/juedisches-dortmund.de\/en\/#\/schema\/logo\/image\/\",\"url\":\"https:\/\/juedisches-dortmund.de\/en\/wp-content\/uploads\/sites\/5\/2021\/03\/cropped-logo-height240.png\",\"contentUrl\":\"https:\/\/juedisches-dortmund.de\/en\/wp-content\/uploads\/sites\/5\/2021\/03\/cropped-logo-height240.png\",\"width\":419,\"height\":240,\"caption\":\"J\u00fcdisches Dortmund | english\"},\"image\":{\"@id\":\"https:\/\/juedisches-dortmund.de\/en\/#\/schema\/logo\/image\/\"}}]}<\/script>\n<!-- \/ Yoast SEO plugin. -->","yoast_head_json":{"title":"Weg der Verbundenheit. Ein \u00f6ffentlicher Rundgang \u00fcber mehrere Stationen in der Dortmunder Innenstadt - J\u00fcdisches Dortmund | english","robots":{"index":"index","follow":"follow","max-snippet":"max-snippet:-1","max-image-preview":"max-image-preview:large","max-video-preview":"max-video-preview:-1"},"canonical":"https:\/\/juedisches-dortmund.de\/en\/events\/weg-der-verbundenheit-ein-oeffentlicher-rundgang-ueber-mehrere-stationen-in-der-dortmunder-innenstadt\/","og_locale":"de_DE","og_type":"article","og_title":"Weg der Verbundenheit. Ein \u00f6ffentlicher Rundgang \u00fcber mehrere Stationen in der Dortmunder Innenstadt - J\u00fcdisches Dortmund | english","og_description":"Rundgang Diese Veranstaltung ist etwas Besonderes. Das Miteinander von Christ*innen, J\u00fcd*innen und B\u00fcrgerschaft wird \u00f6ffentlich durch einen gemeinsamen Rundgang dargestellt. Das ist ein Zeichen f\u00fcr das friedliche Zusammenleben in dieser Stadt und ein Bekenntnis gegen jeden Antisemitismus. Nicht zuletzt soll es ein interessanter und unterhaltsamer Nachmittag mit vielen menschlichen Begegnungen werden. Vom Platz der alten [&hellip;]","og_url":"https:\/\/juedisches-dortmund.de\/en\/events\/weg-der-verbundenheit-ein-oeffentlicher-rundgang-ueber-mehrere-stationen-in-der-dortmunder-innenstadt\/","og_site_name":"J\u00fcdisches Dortmund | english","article_modified_time":"2021-04-26T21:03:35+00:00","og_image":[{"width":2400,"height":1457,"url":"https:\/\/juedisches-dortmund.de\/en\/wp-content\/uploads\/sites\/5\/2021\/03\/Synagoge_Hansastrasse_1926-2web.jpg","type":"image\/jpeg"}],"twitter_card":"summary_large_image","twitter_misc":{"Gesch\u00e4tzte Lesezeit":"1\u00a0Minute"},"schema":{"@context":"https:\/\/schema.org","@graph":[{"@type":"WebPage","@id":"https:\/\/juedisches-dortmund.de\/en\/events\/weg-der-verbundenheit-ein-oeffentlicher-rundgang-ueber-mehrere-stationen-in-der-dortmunder-innenstadt\/","url":"https:\/\/juedisches-dortmund.de\/en\/events\/weg-der-verbundenheit-ein-oeffentlicher-rundgang-ueber-mehrere-stationen-in-der-dortmunder-innenstadt\/","name":"Weg der Verbundenheit. Ein \u00f6ffentlicher Rundgang \u00fcber mehrere Stationen in der Dortmunder Innenstadt - J\u00fcdisches Dortmund | english","isPartOf":{"@id":"https:\/\/juedisches-dortmund.de\/en\/#website"},"primaryImageOfPage":{"@id":"https:\/\/juedisches-dortmund.de\/en\/events\/weg-der-verbundenheit-ein-oeffentlicher-rundgang-ueber-mehrere-stationen-in-der-dortmunder-innenstadt\/#primaryimage"},"image":{"@id":"https:\/\/juedisches-dortmund.de\/en\/events\/weg-der-verbundenheit-ein-oeffentlicher-rundgang-ueber-mehrere-stationen-in-der-dortmunder-innenstadt\/#primaryimage"},"thumbnailUrl":"https:\/\/juedisches-dortmund.de\/en\/wp-content\/uploads\/sites\/5\/2021\/03\/Synagoge_Hansastrasse_1926-2web.jpg","datePublished":"2021-04-21T17:17:36+00:00","dateModified":"2021-04-26T21:03:35+00:00","breadcrumb":{"@id":"https:\/\/juedisches-dortmund.de\/en\/events\/weg-der-verbundenheit-ein-oeffentlicher-rundgang-ueber-mehrere-stationen-in-der-dortmunder-innenstadt\/#breadcrumb"},"inLanguage":"de","potentialAction":[{"@type":"ReadAction","target":["https:\/\/juedisches-dortmund.de\/en\/events\/weg-der-verbundenheit-ein-oeffentlicher-rundgang-ueber-mehrere-stationen-in-der-dortmunder-innenstadt\/"]}]},{"@type":"ImageObject","inLanguage":"de","@id":"https:\/\/juedisches-dortmund.de\/en\/events\/weg-der-verbundenheit-ein-oeffentlicher-rundgang-ueber-mehrere-stationen-in-der-dortmunder-innenstadt\/#primaryimage","url":"https:\/\/juedisches-dortmund.de\/en\/wp-content\/uploads\/sites\/5\/2021\/03\/Synagoge_Hansastrasse_1926-2web.jpg","contentUrl":"https:\/\/juedisches-dortmund.de\/en\/wp-content\/uploads\/sites\/5\/2021\/03\/Synagoge_Hansastrasse_1926-2web.jpg","width":2400,"height":1457,"caption":"Synagoge Dortmund, Hansastrasse 1926"},{"@type":"BreadcrumbList","@id":"https:\/\/juedisches-dortmund.de\/en\/events\/weg-der-verbundenheit-ein-oeffentlicher-rundgang-ueber-mehrere-stationen-in-der-dortmunder-innenstadt\/#breadcrumb","itemListElement":[{"@type":"ListItem","position":1,"name":"Startseite","item":"https:\/\/juedisches-dortmund.de\/en\/"},{"@type":"ListItem","position":2,"name":"Veranstaltungen","item":"https:\/\/juedisches-dortmund.de\/en\/events\/"},{"@type":"ListItem","position":3,"name":"Weg der Verbundenheit. Ein \u00f6ffentlicher Rundgang \u00fcber mehrere Stationen in der Dortmunder Innenstadt"}]},{"@type":"WebSite","@id":"https:\/\/juedisches-dortmund.de\/en\/#website","url":"https:\/\/juedisches-dortmund.de\/en\/","name":"J\u00fcdisches Dortmund | english","description":"","publisher":{"@id":"https:\/\/juedisches-dortmund.de\/en\/#organization"},"potentialAction":[{"@type":"SearchAction","target":{"@type":"EntryPoint","urlTemplate":"https:\/\/juedisches-dortmund.de\/en\/?s={search_term_string}"},"query-input":{"@type":"PropertyValueSpecification","valueRequired":true,"valueName":"search_term_string"}}],"inLanguage":"de"},{"@type":"Organization","@id":"https:\/\/juedisches-dortmund.de\/en\/#organization","name":"J\u00fcdisches Dortmund | english","url":"https:\/\/juedisches-dortmund.de\/en\/","logo":{"@type":"ImageObject","inLanguage":"de","@id":"https:\/\/juedisches-dortmund.de\/en\/#\/schema\/logo\/image\/","url":"https:\/\/juedisches-dortmund.de\/en\/wp-content\/uploads\/sites\/5\/2021\/03\/cropped-logo-height240.png","contentUrl":"https:\/\/juedisches-dortmund.de\/en\/wp-content\/uploads\/sites\/5\/2021\/03\/cropped-logo-height240.png","width":419,"height":240,"caption":"J\u00fcdisches Dortmund | english"},"image":{"@id":"https:\/\/juedisches-dortmund.de\/en\/#\/schema\/logo\/image\/"}}]}},"_links":{"self":[{"href":"https:\/\/juedisches-dortmund.de\/en\/wp-json\/wp\/v2\/mec-events\/4237","targetHints":{"allow":["GET"]}}],"collection":[{"href":"https:\/\/juedisches-dortmund.de\/en\/wp-json\/wp\/v2\/mec-events"}],"about":[{"href":"https:\/\/juedisches-dortmund.de\/en\/wp-json\/wp\/v2\/types\/mec-events"}],"author":[{"embeddable":true,"href":"https:\/\/juedisches-dortmund.de\/en\/wp-json\/wp\/v2\/users\/2"}],"replies":[{"embeddable":true,"href":"https:\/\/juedisches-dortmund.de\/en\/wp-json\/wp\/v2\/comments?post=4237"}],"wp:featuredmedia":[{"embeddable":true,"href":"https:\/\/juedisches-dortmund.de\/en\/wp-json\/wp\/v2\/media\/2742"}],"wp:attachment":[{"href":"https:\/\/juedisches-dortmund.de\/en\/wp-json\/wp\/v2\/media?parent=4237"}],"wp:term":[{"taxonomy":"post_tag","embeddable":true,"href":"https:\/\/juedisches-dortmund.de\/en\/wp-json\/wp\/v2\/tags?post=4237"},{"taxonomy":"mec_category","embeddable":true,"href":"https:\/\/juedisches-dortmund.de\/en\/wp-json\/wp\/v2\/mec_category?post=4237"}],"curies":[{"name":"wp","href":"https:\/\/api.w.org\/{rel}","templated":true}]}}