{"id":3530,"date":"2021-04-09T17:13:32","date_gmt":"2021-04-09T15:13:32","guid":{"rendered":"https:\/\/wp-staging-1.juedisches-dortmund.de\/?post_type=mec-events&#038;p=3530"},"modified":"2021-05-25T19:10:26","modified_gmt":"2021-05-25T17:10:26","slug":"3530","status":"publish","type":"mec-events","link":"https:\/\/juedisches-dortmund.de\/en\/events\/3530\/","title":{"rendered":"Ausstellung \u2013 Sharon Adler: Jetzt erst recht \u2013 Stop Antisemitismus"},"content":{"rendered":"<h3>Sharon Adler: Jetzt erst recht \u2013 Stop Antisemitismus<\/h3>\n<h4>Ausstellung<\/h4>\n<div>In Zusammenarbeit mit der Berliner Fotografin und Publizistin Sharon Adler, Gr\u00fcnderin des Online-Frauen-Magazins \u201eAVIVA-Berlin\u201c, f\u00fchrt die Stadt Dortmund das Interview- und Fotoprojekt \u00bbJetzt erst recht \u2013 Stop Antisemitismus&#8220; durch.<\/div>\n<div>Antisemitische Einstellungen in der Bev\u00f6lkerung nehmen stetig zu. Neben antisemitischen Angriffen ist das Alltagsleben vieler J\u00fcdinnen und Juden bis heute von Nichtwissen, Vorurteilen und Klischeebildern gepr\u00e4gt. Dem will die Stadt Dortmund mit dem Projekt etwas entgegensetzen: Sichtbarkeit. Grundgedanke und Ziel des Projektes ist es, dass sich in diesem Projekt j\u00fcdische Menschen aller Generationen und Herkunft selbst einbringen und direkt mitwirken k\u00f6nnen, um ihre Erfahrungen mitzuteilen und ihre W\u00fcnsche und Forderungen von (mehr) Empathie und Solidarit\u00e4t an die nicht-j\u00fcdische Mehrheitsgesellschaft zu richten.<\/div>\n<div>Durch die Ver\u00f6ffentlichung von Text-Ausz\u00fcgen aus biographiegest\u00fctzten Interviews und Fotos der Teilnehmenden mit einem individuell von ihnen mit einem pers\u00f6nlichen Statement gestalteten Demo-Plakat sollen die unterschiedlichen Facetten von Antisemitismus sichtbar und erfahrbar gemacht werden.<\/div>\n<div>Das Konzept f\u00fcr das Interview + Fotoprojekt hat Sharon Adler unter dem Einfluss des Attentats auf die Synagoge in Halle 2019 an Jom Kippur erstellt. Gestartet ist das Projekt 2020 in Berlin mit F\u00f6rderung der Amadeu Antonio Stiftung als reines Online-Projekt.<\/div>\n<div>Im Aktionsjahr wird das Projekt nun in Dortmund durchgef\u00fchrt. Die Fotos und Interviews der Teilnehmenden werden digital aufbereitet und auf der Homepage der Stadt Dortmund (VTD) und AVIVA-Berlin ver\u00f6ffentlicht. Dar\u00fcber hinaus sollen die Fotos der Teilnehmenden mit Zitaten aus den Interviews sowie mit den Original Demo-Schildern in einer Ausstellung in der Berswordthalle einem breiten Publikum pr\u00e4sentiert werden (16.10.-04.12.2021).<br \/>\nIm Rahmen einer Auftaktveranstaltung ist eine Podiumsdiskussion mit den Vertreter*innen der Stadt Dortmund (OB Westphal?) und der J\u00fcdischen Gemeinde sowie mit ausgew\u00e4hlten Teilnehmer*innen, moderiert von Sharon Adler, geplant.<\/div>\n<div><strong>Veranstalterin:<\/strong> Koordinierungsstelle f\u00fcr Vielfalt, Toleranz und Demokratie.<\/div>\n<div><strong>Kooperationspartner<\/strong> des Projektes ist neben der J\u00fcdischen Gemeinde Dortmund das MKK und die Amadeu Antonio Stiftung (ideelle Partnerschaft, ohne finanzielle Beteiligung<\/div>\n<div><strong>16.10.2021-04.12.2021, Berswordthalle<\/strong><\/div>\n<div>Bildnachweis: <a href=\"https:\/\/www.aviva-berlin.de\/aviva\/content_Juedisches%20Leben_JETZT%20ERST%20RECHT!%202021.php?id=1420918\" target=\"_blank\" rel=\"noopener\">https:\/\/www.aviva-berlin.de\/aviva\/<\/a><\/div>\n","protected":false},"excerpt":{"rendered":"<p>Sharon Adler: Jetzt erst recht \u2013 Stop Antisemitismus Ausstellung In Zusammenarbeit mit der Berliner Fotografin und Publizistin Sharon Adler, Gr\u00fcnderin des Online-Frauen-Magazins \u201eAVIVA-Berlin\u201c, f\u00fchrt die Stadt Dortmund das Interview- und Fotoprojekt \u00bbJetzt erst recht \u2013 Stop Antisemitismus&#8220; durch. Antisemitische Einstellungen in der Bev\u00f6lkerung nehmen stetig zu. Neben antisemitischen Angriffen ist das Alltagsleben vieler J\u00fcdinnen und [&hellip;]<\/p>\n","protected":false},"author":2,"featured_media":3532,"comment_status":"open","ping_status":"closed","template":"","meta":{"inline_featured_image":false,"site-sidebar-layout":"default","site-content-layout":"default","ast-site-content-layout":"default","site-content-style":"default","site-sidebar-style":"default","ast-global-header-display":"","ast-banner-title-visibility":"","ast-main-header-display":"","ast-hfb-above-header-display":"","ast-hfb-below-header-display":"","ast-hfb-mobile-header-display":"","site-post-title":"disabled","ast-breadcrumbs-content":"","ast-featured-img":"","footer-sml-layout":"","ast-disable-related-posts":"","theme-transparent-header-meta":"default","adv-header-id-meta":"","stick-header-meta":"","header-above-stick-meta":"","header-main-stick-meta":"","header-below-stick-meta":"","astra-migrate-meta-layouts":"default","ast-page-background-enabled":"default","ast-page-background-meta":{"desktop":{"background-color":"","background-image":"","background-repeat":"repeat","background-position":"center center","background-size":"auto","background-attachment":"scroll","background-type":"","background-media":"","overlay-type":"","overlay-color":"","overlay-opacity":"","overlay-gradient":""},"tablet":{"background-color":"","background-image":"","background-repeat":"repeat","background-position":"center center","background-size":"auto","background-attachment":"scroll","background-type":"","background-media":"","overlay-type":"","overlay-color":"","overlay-opacity":"","overlay-gradient":""},"mobile":{"background-color":"","background-image":"","background-repeat":"repeat","background-position":"center center","background-size":"auto","background-attachment":"scroll","background-type":"","background-media":"","overlay-type":"","overlay-color":"","overlay-opacity":"","overlay-gradient":""}},"ast-content-background-meta":{"desktop":{"background-color":"var(--ast-global-color-5)","background-image":"","background-repeat":"repeat","background-position":"center center","background-size":"auto","background-attachment":"scroll","background-type":"","background-media":"","overlay-type":"","overlay-color":"","overlay-opacity":"","overlay-gradient":""},"tablet":{"background-color":"var(--ast-global-color-5)","background-image":"","background-repeat":"repeat","background-position":"center center","background-size":"auto","background-attachment":"scroll","background-type":"","background-media":"","overlay-type":"","overlay-color":"","overlay-opacity":"","overlay-gradient":""},"mobile":{"background-color":"var(--ast-global-color-5)","background-image":"","background-repeat":"repeat","background-position":"center center","background-size":"auto","background-attachment":"scroll","background-type":"","background-media":"","overlay-type":"","overlay-color":"","overlay-opacity":"","overlay-gradient":""}}},"tags":[],"mec_category":[39,34],"class_list":["post-3530","mec-events","type-mec-events","status-publish","has-post-thumbnail","hentry","mec_category-ausstellung","mec_category-juedisches-dortmund-kalender"],"yoast_head":"<!-- This site is optimized with the Yoast SEO plugin v27.2 - https:\/\/yoast.com\/product\/yoast-seo-wordpress\/ -->\n<title>Ausstellung \u2013 Sharon Adler: Jetzt erst recht \u2013 Stop Antisemitismus - J\u00fcdisches Dortmund | english<\/title>\n<meta name=\"robots\" content=\"index, follow, max-snippet:-1, max-image-preview:large, max-video-preview:-1\" \/>\n<link rel=\"canonical\" href=\"https:\/\/juedisches-dortmund.de\/en\/events\/3530\/\" \/>\n<meta property=\"og:locale\" content=\"de_DE\" \/>\n<meta property=\"og:type\" content=\"article\" \/>\n<meta property=\"og:title\" content=\"Ausstellung \u2013 Sharon Adler: Jetzt erst recht \u2013 Stop Antisemitismus - J\u00fcdisches Dortmund | english\" \/>\n<meta property=\"og:description\" content=\"Sharon Adler: Jetzt erst recht \u2013 Stop Antisemitismus Ausstellung In Zusammenarbeit mit der Berliner Fotografin und Publizistin Sharon Adler, Gr\u00fcnderin des Online-Frauen-Magazins \u201eAVIVA-Berlin\u201c, f\u00fchrt die Stadt Dortmund das Interview- und Fotoprojekt \u00bbJetzt erst recht \u2013 Stop Antisemitismus&#8220; durch. Antisemitische Einstellungen in der Bev\u00f6lkerung nehmen stetig zu. Neben antisemitischen Angriffen ist das Alltagsleben vieler J\u00fcdinnen und [&hellip;]\" \/>\n<meta property=\"og:url\" content=\"https:\/\/juedisches-dortmund.de\/en\/events\/3530\/\" \/>\n<meta property=\"og:site_name\" content=\"J\u00fcdisches Dortmund | english\" \/>\n<meta property=\"article:modified_time\" content=\"2021-05-25T17:10:26+00:00\" \/>\n<meta property=\"og:image\" content=\"https:\/\/juedisches-dortmund.de\/en\/wp-content\/uploads\/sites\/5\/2021\/04\/JER_AVIVA_Berlin_AAS_3-2.jpg\" \/>\n\t<meta property=\"og:image:width\" content=\"300\" \/>\n\t<meta property=\"og:image:height\" content=\"300\" \/>\n\t<meta property=\"og:image:type\" content=\"image\/jpeg\" \/>\n<meta name=\"twitter:card\" content=\"summary_large_image\" \/>\n<meta name=\"twitter:label1\" content=\"Gesch\u00e4tzte Lesezeit\" \/>\n\t<meta name=\"twitter:data1\" content=\"2\u00a0Minuten\" \/>\n<script type=\"application\/ld+json\" class=\"yoast-schema-graph\">{\"@context\":\"https:\/\/schema.org\",\"@graph\":[{\"@type\":\"WebPage\",\"@id\":\"https:\/\/juedisches-dortmund.de\/en\/events\/3530\/\",\"url\":\"https:\/\/juedisches-dortmund.de\/en\/events\/3530\/\",\"name\":\"Ausstellung \u2013 Sharon Adler: Jetzt erst recht \u2013 Stop Antisemitismus - J\u00fcdisches Dortmund | english\",\"isPartOf\":{\"@id\":\"https:\/\/juedisches-dortmund.de\/en\/#website\"},\"primaryImageOfPage\":{\"@id\":\"https:\/\/juedisches-dortmund.de\/en\/events\/3530\/#primaryimage\"},\"image\":{\"@id\":\"https:\/\/juedisches-dortmund.de\/en\/events\/3530\/#primaryimage\"},\"thumbnailUrl\":\"https:\/\/juedisches-dortmund.de\/en\/wp-content\/uploads\/sites\/5\/2021\/04\/JER_AVIVA_Berlin_AAS_3-2.jpg\",\"datePublished\":\"2021-04-09T15:13:32+00:00\",\"dateModified\":\"2021-05-25T17:10:26+00:00\",\"breadcrumb\":{\"@id\":\"https:\/\/juedisches-dortmund.de\/en\/events\/3530\/#breadcrumb\"},\"inLanguage\":\"de\",\"potentialAction\":[{\"@type\":\"ReadAction\",\"target\":[\"https:\/\/juedisches-dortmund.de\/en\/events\/3530\/\"]}]},{\"@type\":\"ImageObject\",\"inLanguage\":\"de\",\"@id\":\"https:\/\/juedisches-dortmund.de\/en\/events\/3530\/#primaryimage\",\"url\":\"https:\/\/juedisches-dortmund.de\/en\/wp-content\/uploads\/sites\/5\/2021\/04\/JER_AVIVA_Berlin_AAS_3-2.jpg\",\"contentUrl\":\"https:\/\/juedisches-dortmund.de\/en\/wp-content\/uploads\/sites\/5\/2021\/04\/JER_AVIVA_Berlin_AAS_3-2.jpg\",\"width\":300,\"height\":300},{\"@type\":\"BreadcrumbList\",\"@id\":\"https:\/\/juedisches-dortmund.de\/en\/events\/3530\/#breadcrumb\",\"itemListElement\":[{\"@type\":\"ListItem\",\"position\":1,\"name\":\"Startseite\",\"item\":\"https:\/\/juedisches-dortmund.de\/en\/\"},{\"@type\":\"ListItem\",\"position\":2,\"name\":\"Veranstaltungen\",\"item\":\"https:\/\/juedisches-dortmund.de\/en\/events\/\"},{\"@type\":\"ListItem\",\"position\":3,\"name\":\"Ausstellung \u2013 Sharon Adler: Jetzt erst recht \u2013 Stop Antisemitismus\"}]},{\"@type\":\"WebSite\",\"@id\":\"https:\/\/juedisches-dortmund.de\/en\/#website\",\"url\":\"https:\/\/juedisches-dortmund.de\/en\/\",\"name\":\"J\u00fcdisches Dortmund | english\",\"description\":\"\",\"publisher\":{\"@id\":\"https:\/\/juedisches-dortmund.de\/en\/#organization\"},\"potentialAction\":[{\"@type\":\"SearchAction\",\"target\":{\"@type\":\"EntryPoint\",\"urlTemplate\":\"https:\/\/juedisches-dortmund.de\/en\/?s={search_term_string}\"},\"query-input\":{\"@type\":\"PropertyValueSpecification\",\"valueRequired\":true,\"valueName\":\"search_term_string\"}}],\"inLanguage\":\"de\"},{\"@type\":\"Organization\",\"@id\":\"https:\/\/juedisches-dortmund.de\/en\/#organization\",\"name\":\"J\u00fcdisches Dortmund | english\",\"url\":\"https:\/\/juedisches-dortmund.de\/en\/\",\"logo\":{\"@type\":\"ImageObject\",\"inLanguage\":\"de\",\"@id\":\"https:\/\/juedisches-dortmund.de\/en\/#\/schema\/logo\/image\/\",\"url\":\"https:\/\/juedisches-dortmund.de\/en\/wp-content\/uploads\/sites\/5\/2021\/03\/cropped-logo-height240.png\",\"contentUrl\":\"https:\/\/juedisches-dortmund.de\/en\/wp-content\/uploads\/sites\/5\/2021\/03\/cropped-logo-height240.png\",\"width\":419,\"height\":240,\"caption\":\"J\u00fcdisches Dortmund | english\"},\"image\":{\"@id\":\"https:\/\/juedisches-dortmund.de\/en\/#\/schema\/logo\/image\/\"}}]}<\/script>\n<!-- \/ Yoast SEO plugin. -->","yoast_head_json":{"title":"Ausstellung \u2013 Sharon Adler: Jetzt erst recht \u2013 Stop Antisemitismus - J\u00fcdisches Dortmund | english","robots":{"index":"index","follow":"follow","max-snippet":"max-snippet:-1","max-image-preview":"max-image-preview:large","max-video-preview":"max-video-preview:-1"},"canonical":"https:\/\/juedisches-dortmund.de\/en\/events\/3530\/","og_locale":"de_DE","og_type":"article","og_title":"Ausstellung \u2013 Sharon Adler: Jetzt erst recht \u2013 Stop Antisemitismus - J\u00fcdisches Dortmund | english","og_description":"Sharon Adler: Jetzt erst recht \u2013 Stop Antisemitismus Ausstellung In Zusammenarbeit mit der Berliner Fotografin und Publizistin Sharon Adler, Gr\u00fcnderin des Online-Frauen-Magazins \u201eAVIVA-Berlin\u201c, f\u00fchrt die Stadt Dortmund das Interview- und Fotoprojekt \u00bbJetzt erst recht \u2013 Stop Antisemitismus&#8220; durch. Antisemitische Einstellungen in der Bev\u00f6lkerung nehmen stetig zu. Neben antisemitischen Angriffen ist das Alltagsleben vieler J\u00fcdinnen und [&hellip;]","og_url":"https:\/\/juedisches-dortmund.de\/en\/events\/3530\/","og_site_name":"J\u00fcdisches Dortmund | english","article_modified_time":"2021-05-25T17:10:26+00:00","og_image":[{"width":300,"height":300,"url":"https:\/\/juedisches-dortmund.de\/en\/wp-content\/uploads\/sites\/5\/2021\/04\/JER_AVIVA_Berlin_AAS_3-2.jpg","type":"image\/jpeg"}],"twitter_card":"summary_large_image","twitter_misc":{"Gesch\u00e4tzte Lesezeit":"2\u00a0Minuten"},"schema":{"@context":"https:\/\/schema.org","@graph":[{"@type":"WebPage","@id":"https:\/\/juedisches-dortmund.de\/en\/events\/3530\/","url":"https:\/\/juedisches-dortmund.de\/en\/events\/3530\/","name":"Ausstellung \u2013 Sharon Adler: Jetzt erst recht \u2013 Stop Antisemitismus - J\u00fcdisches Dortmund | english","isPartOf":{"@id":"https:\/\/juedisches-dortmund.de\/en\/#website"},"primaryImageOfPage":{"@id":"https:\/\/juedisches-dortmund.de\/en\/events\/3530\/#primaryimage"},"image":{"@id":"https:\/\/juedisches-dortmund.de\/en\/events\/3530\/#primaryimage"},"thumbnailUrl":"https:\/\/juedisches-dortmund.de\/en\/wp-content\/uploads\/sites\/5\/2021\/04\/JER_AVIVA_Berlin_AAS_3-2.jpg","datePublished":"2021-04-09T15:13:32+00:00","dateModified":"2021-05-25T17:10:26+00:00","breadcrumb":{"@id":"https:\/\/juedisches-dortmund.de\/en\/events\/3530\/#breadcrumb"},"inLanguage":"de","potentialAction":[{"@type":"ReadAction","target":["https:\/\/juedisches-dortmund.de\/en\/events\/3530\/"]}]},{"@type":"ImageObject","inLanguage":"de","@id":"https:\/\/juedisches-dortmund.de\/en\/events\/3530\/#primaryimage","url":"https:\/\/juedisches-dortmund.de\/en\/wp-content\/uploads\/sites\/5\/2021\/04\/JER_AVIVA_Berlin_AAS_3-2.jpg","contentUrl":"https:\/\/juedisches-dortmund.de\/en\/wp-content\/uploads\/sites\/5\/2021\/04\/JER_AVIVA_Berlin_AAS_3-2.jpg","width":300,"height":300},{"@type":"BreadcrumbList","@id":"https:\/\/juedisches-dortmund.de\/en\/events\/3530\/#breadcrumb","itemListElement":[{"@type":"ListItem","position":1,"name":"Startseite","item":"https:\/\/juedisches-dortmund.de\/en\/"},{"@type":"ListItem","position":2,"name":"Veranstaltungen","item":"https:\/\/juedisches-dortmund.de\/en\/events\/"},{"@type":"ListItem","position":3,"name":"Ausstellung \u2013 Sharon Adler: Jetzt erst recht \u2013 Stop Antisemitismus"}]},{"@type":"WebSite","@id":"https:\/\/juedisches-dortmund.de\/en\/#website","url":"https:\/\/juedisches-dortmund.de\/en\/","name":"J\u00fcdisches Dortmund | english","description":"","publisher":{"@id":"https:\/\/juedisches-dortmund.de\/en\/#organization"},"potentialAction":[{"@type":"SearchAction","target":{"@type":"EntryPoint","urlTemplate":"https:\/\/juedisches-dortmund.de\/en\/?s={search_term_string}"},"query-input":{"@type":"PropertyValueSpecification","valueRequired":true,"valueName":"search_term_string"}}],"inLanguage":"de"},{"@type":"Organization","@id":"https:\/\/juedisches-dortmund.de\/en\/#organization","name":"J\u00fcdisches Dortmund | english","url":"https:\/\/juedisches-dortmund.de\/en\/","logo":{"@type":"ImageObject","inLanguage":"de","@id":"https:\/\/juedisches-dortmund.de\/en\/#\/schema\/logo\/image\/","url":"https:\/\/juedisches-dortmund.de\/en\/wp-content\/uploads\/sites\/5\/2021\/03\/cropped-logo-height240.png","contentUrl":"https:\/\/juedisches-dortmund.de\/en\/wp-content\/uploads\/sites\/5\/2021\/03\/cropped-logo-height240.png","width":419,"height":240,"caption":"J\u00fcdisches Dortmund | english"},"image":{"@id":"https:\/\/juedisches-dortmund.de\/en\/#\/schema\/logo\/image\/"}}]}},"_links":{"self":[{"href":"https:\/\/juedisches-dortmund.de\/en\/wp-json\/wp\/v2\/mec-events\/3530","targetHints":{"allow":["GET"]}}],"collection":[{"href":"https:\/\/juedisches-dortmund.de\/en\/wp-json\/wp\/v2\/mec-events"}],"about":[{"href":"https:\/\/juedisches-dortmund.de\/en\/wp-json\/wp\/v2\/types\/mec-events"}],"author":[{"embeddable":true,"href":"https:\/\/juedisches-dortmund.de\/en\/wp-json\/wp\/v2\/users\/2"}],"replies":[{"embeddable":true,"href":"https:\/\/juedisches-dortmund.de\/en\/wp-json\/wp\/v2\/comments?post=3530"}],"wp:featuredmedia":[{"embeddable":true,"href":"https:\/\/juedisches-dortmund.de\/en\/wp-json\/wp\/v2\/media\/3532"}],"wp:attachment":[{"href":"https:\/\/juedisches-dortmund.de\/en\/wp-json\/wp\/v2\/media?parent=3530"}],"wp:term":[{"taxonomy":"post_tag","embeddable":true,"href":"https:\/\/juedisches-dortmund.de\/en\/wp-json\/wp\/v2\/tags?post=3530"},{"taxonomy":"mec_category","embeddable":true,"href":"https:\/\/juedisches-dortmund.de\/en\/wp-json\/wp\/v2\/mec_category?post=3530"}],"curies":[{"name":"wp","href":"https:\/\/api.w.org\/{rel}","templated":true}]}}