{"id":3511,"date":"2021-04-09T15:25:32","date_gmt":"2021-04-09T13:25:32","guid":{"rendered":"https:\/\/wp-staging-1.juedisches-dortmund.de\/?post_type=mec-events&#038;p=3511"},"modified":"2021-05-01T13:31:21","modified_gmt":"2021-05-01T11:31:21","slug":"beth-olam-der-juedische-friedhof","status":"publish","type":"mec-events","link":"https:\/\/juedisches-dortmund.de\/en\/events\/beth-olam-der-juedische-friedhof\/","title":{"rendered":"F\u00fchrung: \u201eBeth Olam\u201c \u2013 der J\u00fcdische Friedhof"},"content":{"rendered":"<h3>Arie Mozes (Dortmund): \u201eBeth Olam\u201c \u2013 der J\u00fcdische Friedhof<\/h3>\n<h5>F\u00fchrung J\u00fcdischer Friedhof, Eingang am Rennweg\/Wieckesweg, Dortmund-Wambel<\/h5>\n<p>Der J\u00fcdische Friedhof ist \u201ebeth olam\u201c, \u00fcbersetzt: \u201eEwiges Haus\u201c. In der\u00a0Hebr\u00e4ischen Bibel, im letzten Vers des Buches Daniel, hei\u00dft es: \u201eGeh hin, bis das Ende kommt, und ruhe, bis du auferstehst zu deinem Erbteil am Ende der Tage.\u201c<\/p>\n<div>\n<p>Friedh\u00f6fe sind bedeutende Zeugnisse j\u00fcdischer Geschichte und j\u00fcdischen Lebens.<br \/>\nEs gibt viele religions-, traditions-, lokal- und kulturgeschichtliche Details zu entdecken. In der N\u00e4he des Dortmunder Hauptfriedhofes befindet sich der Friedhof, auf dem die J\u00fcdische Kultusgemeinde ihre Verstorbenen seit 1921 bis heute bestattet.<\/p>\n<p><img decoding=\"async\" class=\"alignnone wp-image-4199\" src=\"https:\/\/juedisches-dortmund.de\/en\/wp-content\/uploads\/sites\/5\/2021\/04\/Arie-Mozes_Stimme-der-Religionen-150x150.jpg\" alt=\"\" width=\"180\" height=\"250\" srcset=\"https:\/\/juedisches-dortmund.de\/en\/wp-content\/uploads\/sites\/5\/2021\/04\/Arie-Mozes_Stimme-der-Religionen-216x300.jpg 216w, https:\/\/juedisches-dortmund.de\/en\/wp-content\/uploads\/sites\/5\/2021\/04\/Arie-Mozes_Stimme-der-Religionen.jpg 577w\" sizes=\"(max-width: 180px) 100vw, 180px\" \/><\/p>\n<\/div>\n<p>Der Kantor der J\u00fcdischen Kultusgemeinde Dortmund, <strong>Arie Mozes<\/strong>, informiert \u00fcber die Geschichte dieses Friedhofs sowie Trauer- und Bestattungsriten im Judentum. Wir besuchen die Trauerhalle und ausgew\u00e4hlte Gr\u00e4ber.<\/p>\n<p><strong>Maximal:<\/strong> 30 Personen<\/p>\n<p><strong>Anmeldung:\u00a0<\/strong>\u00fcber das Referat f\u00fcr Gesellschaftliche Verantwortung des Ev. Kirchenkreises Dortmund: <a href=\"mailto:rgv@ekkdo.de\">rgv@ekkdo.de<\/a> oder 0231\/8494-373.<\/p>\n<p><strong>Treffpunkt:\u00a0<\/strong>Eingangstor zum J\u00fcdischen Friedhof, Rennweg<\/p>\n<p><strong>Hinweis:\u00a0<\/strong>M\u00e4nnliche Teilnehmer werden um eine Kopfbedeckung gebeten.<\/p>\n<p><strong>Veranstalter:\u00a0<\/strong>Gesellschaft f\u00fcr christlich-j\u00fcdische Zusammenarbeit Dortmund e.V. und\u00a0Evangelischer Kirchenkreis Dortmund, Katholische Stadtkirche Dortmund, Auslandsgesellschaft.de e.V., VHS, Schulreferat des Evangelischen Kirchenkreises Dortmund<\/p>\n","protected":false},"excerpt":{"rendered":"<p>Arie Mozes (Dortmund): \u201eBeth Olam\u201c \u2013 der J\u00fcdische Friedhof F\u00fchrung J\u00fcdischer Friedhof, Eingang am Rennweg\/Wieckesweg, Dortmund-Wambel Der J\u00fcdische Friedhof ist \u201ebeth olam\u201c, \u00fcbersetzt: \u201eEwiges Haus\u201c. In der\u00a0Hebr\u00e4ischen Bibel, im letzten Vers des Buches Daniel, hei\u00dft es: \u201eGeh hin, bis das Ende kommt, und ruhe, bis du auferstehst zu deinem Erbteil am Ende der Tage.\u201c Friedh\u00f6fe [&hellip;]<\/p>\n","protected":false},"author":2,"featured_media":4197,"comment_status":"closed","ping_status":"closed","template":"","meta":{"inline_featured_image":false,"site-sidebar-layout":"default","site-content-layout":"default","ast-site-content-layout":"default","site-content-style":"default","site-sidebar-style":"default","ast-global-header-display":"","ast-banner-title-visibility":"","ast-main-header-display":"","ast-hfb-above-header-display":"","ast-hfb-below-header-display":"","ast-hfb-mobile-header-display":"","site-post-title":"disabled","ast-breadcrumbs-content":"","ast-featured-img":"","footer-sml-layout":"","ast-disable-related-posts":"","theme-transparent-header-meta":"default","adv-header-id-meta":"","stick-header-meta":"","header-above-stick-meta":"","header-main-stick-meta":"","header-below-stick-meta":"","astra-migrate-meta-layouts":"default","ast-page-background-enabled":"default","ast-page-background-meta":{"desktop":{"background-color":"","background-image":"","background-repeat":"repeat","background-position":"center center","background-size":"auto","background-attachment":"scroll","background-type":"","background-media":"","overlay-type":"","overlay-color":"","overlay-opacity":"","overlay-gradient":""},"tablet":{"background-color":"","background-image":"","background-repeat":"repeat","background-position":"center center","background-size":"auto","background-attachment":"scroll","background-type":"","background-media":"","overlay-type":"","overlay-color":"","overlay-opacity":"","overlay-gradient":""},"mobile":{"background-color":"","background-image":"","background-repeat":"repeat","background-position":"center center","background-size":"auto","background-attachment":"scroll","background-type":"","background-media":"","overlay-type":"","overlay-color":"","overlay-opacity":"","overlay-gradient":""}},"ast-content-background-meta":{"desktop":{"background-color":"var(--ast-global-color-5)","background-image":"","background-repeat":"repeat","background-position":"center center","background-size":"auto","background-attachment":"scroll","background-type":"","background-media":"","overlay-type":"","overlay-color":"","overlay-opacity":"","overlay-gradient":""},"tablet":{"background-color":"var(--ast-global-color-5)","background-image":"","background-repeat":"repeat","background-position":"center center","background-size":"auto","background-attachment":"scroll","background-type":"","background-media":"","overlay-type":"","overlay-color":"","overlay-opacity":"","overlay-gradient":""},"mobile":{"background-color":"var(--ast-global-color-5)","background-image":"","background-repeat":"repeat","background-position":"center center","background-size":"auto","background-attachment":"scroll","background-type":"","background-media":"","overlay-type":"","overlay-color":"","overlay-opacity":"","overlay-gradient":""}}},"tags":[],"mec_category":[36,34],"class_list":["post-3511","mec-events","type-mec-events","status-publish","has-post-thumbnail","hentry","mec_category-fuehrung","mec_category-juedisches-dortmund-kalender"],"yoast_head":"<!-- This site is optimized with the Yoast SEO plugin v27.2 - https:\/\/yoast.com\/product\/yoast-seo-wordpress\/ -->\n<title>F\u00fchrung: \u201eBeth Olam\u201c \u2013 der J\u00fcdische Friedhof - J\u00fcdisches Dortmund | english<\/title>\n<meta name=\"robots\" content=\"index, follow, max-snippet:-1, max-image-preview:large, max-video-preview:-1\" \/>\n<link rel=\"canonical\" href=\"https:\/\/juedisches-dortmund.de\/en\/events\/beth-olam-der-juedische-friedhof\/\" \/>\n<meta property=\"og:locale\" content=\"de_DE\" \/>\n<meta property=\"og:type\" content=\"article\" \/>\n<meta property=\"og:title\" content=\"F\u00fchrung: \u201eBeth Olam\u201c \u2013 der J\u00fcdische Friedhof - J\u00fcdisches Dortmund | english\" \/>\n<meta property=\"og:description\" content=\"Arie Mozes (Dortmund): \u201eBeth Olam\u201c \u2013 der J\u00fcdische Friedhof F\u00fchrung J\u00fcdischer Friedhof, Eingang am Rennweg\/Wieckesweg, Dortmund-Wambel Der J\u00fcdische Friedhof ist \u201ebeth olam\u201c, \u00fcbersetzt: \u201eEwiges Haus\u201c. In der\u00a0Hebr\u00e4ischen Bibel, im letzten Vers des Buches Daniel, hei\u00dft es: \u201eGeh hin, bis das Ende kommt, und ruhe, bis du auferstehst zu deinem Erbteil am Ende der Tage.\u201c Friedh\u00f6fe [&hellip;]\" \/>\n<meta property=\"og:url\" content=\"https:\/\/juedisches-dortmund.de\/en\/events\/beth-olam-der-juedische-friedhof\/\" \/>\n<meta property=\"og:site_name\" content=\"J\u00fcdisches Dortmund | english\" \/>\n<meta property=\"article:modified_time\" content=\"2021-05-01T11:31:21+00:00\" \/>\n<meta property=\"og:image\" content=\"https:\/\/juedisches-dortmund.de\/en\/wp-content\/uploads\/sites\/5\/2021\/04\/Friedhof-am-Rennweg-3_sw_C.right-Rabbiner-Apel-2015_web.jpg\" \/>\n\t<meta property=\"og:image:width\" content=\"1000\" \/>\n\t<meta property=\"og:image:height\" content=\"723\" \/>\n\t<meta property=\"og:image:type\" content=\"image\/jpeg\" \/>\n<meta name=\"twitter:card\" content=\"summary_large_image\" \/>\n<meta name=\"twitter:label1\" content=\"Gesch\u00e4tzte Lesezeit\" \/>\n\t<meta name=\"twitter:data1\" content=\"1\u00a0Minute\" \/>\n<script type=\"application\/ld+json\" class=\"yoast-schema-graph\">{\"@context\":\"https:\/\/schema.org\",\"@graph\":[{\"@type\":\"WebPage\",\"@id\":\"https:\/\/juedisches-dortmund.de\/en\/events\/beth-olam-der-juedische-friedhof\/\",\"url\":\"https:\/\/juedisches-dortmund.de\/en\/events\/beth-olam-der-juedische-friedhof\/\",\"name\":\"F\u00fchrung: \u201eBeth Olam\u201c \u2013 der J\u00fcdische Friedhof - J\u00fcdisches Dortmund | english\",\"isPartOf\":{\"@id\":\"https:\/\/juedisches-dortmund.de\/en\/#website\"},\"primaryImageOfPage\":{\"@id\":\"https:\/\/juedisches-dortmund.de\/en\/events\/beth-olam-der-juedische-friedhof\/#primaryimage\"},\"image\":{\"@id\":\"https:\/\/juedisches-dortmund.de\/en\/events\/beth-olam-der-juedische-friedhof\/#primaryimage\"},\"thumbnailUrl\":\"https:\/\/juedisches-dortmund.de\/en\/wp-content\/uploads\/sites\/5\/2021\/04\/Friedhof-am-Rennweg-3_sw_C.right-Rabbiner-Apel-2015_web.jpg\",\"datePublished\":\"2021-04-09T13:25:32+00:00\",\"dateModified\":\"2021-05-01T11:31:21+00:00\",\"breadcrumb\":{\"@id\":\"https:\/\/juedisches-dortmund.de\/en\/events\/beth-olam-der-juedische-friedhof\/#breadcrumb\"},\"inLanguage\":\"de\",\"potentialAction\":[{\"@type\":\"ReadAction\",\"target\":[\"https:\/\/juedisches-dortmund.de\/en\/events\/beth-olam-der-juedische-friedhof\/\"]}]},{\"@type\":\"ImageObject\",\"inLanguage\":\"de\",\"@id\":\"https:\/\/juedisches-dortmund.de\/en\/events\/beth-olam-der-juedische-friedhof\/#primaryimage\",\"url\":\"https:\/\/juedisches-dortmund.de\/en\/wp-content\/uploads\/sites\/5\/2021\/04\/Friedhof-am-Rennweg-3_sw_C.right-Rabbiner-Apel-2015_web.jpg\",\"contentUrl\":\"https:\/\/juedisches-dortmund.de\/en\/wp-content\/uploads\/sites\/5\/2021\/04\/Friedhof-am-Rennweg-3_sw_C.right-Rabbiner-Apel-2015_web.jpg\",\"width\":1000,\"height\":723,\"caption\":\"J\u00fcdische Grabsteine Friedhof-am-Rennweg\"},{\"@type\":\"BreadcrumbList\",\"@id\":\"https:\/\/juedisches-dortmund.de\/en\/events\/beth-olam-der-juedische-friedhof\/#breadcrumb\",\"itemListElement\":[{\"@type\":\"ListItem\",\"position\":1,\"name\":\"Startseite\",\"item\":\"https:\/\/juedisches-dortmund.de\/en\/\"},{\"@type\":\"ListItem\",\"position\":2,\"name\":\"Veranstaltungen\",\"item\":\"https:\/\/juedisches-dortmund.de\/en\/events\/\"},{\"@type\":\"ListItem\",\"position\":3,\"name\":\"F\u00fchrung: \u201eBeth Olam\u201c \u2013 der J\u00fcdische Friedhof\"}]},{\"@type\":\"WebSite\",\"@id\":\"https:\/\/juedisches-dortmund.de\/en\/#website\",\"url\":\"https:\/\/juedisches-dortmund.de\/en\/\",\"name\":\"J\u00fcdisches Dortmund | english\",\"description\":\"\",\"publisher\":{\"@id\":\"https:\/\/juedisches-dortmund.de\/en\/#organization\"},\"potentialAction\":[{\"@type\":\"SearchAction\",\"target\":{\"@type\":\"EntryPoint\",\"urlTemplate\":\"https:\/\/juedisches-dortmund.de\/en\/?s={search_term_string}\"},\"query-input\":{\"@type\":\"PropertyValueSpecification\",\"valueRequired\":true,\"valueName\":\"search_term_string\"}}],\"inLanguage\":\"de\"},{\"@type\":\"Organization\",\"@id\":\"https:\/\/juedisches-dortmund.de\/en\/#organization\",\"name\":\"J\u00fcdisches Dortmund | english\",\"url\":\"https:\/\/juedisches-dortmund.de\/en\/\",\"logo\":{\"@type\":\"ImageObject\",\"inLanguage\":\"de\",\"@id\":\"https:\/\/juedisches-dortmund.de\/en\/#\/schema\/logo\/image\/\",\"url\":\"https:\/\/juedisches-dortmund.de\/en\/wp-content\/uploads\/sites\/5\/2021\/03\/cropped-logo-height240.png\",\"contentUrl\":\"https:\/\/juedisches-dortmund.de\/en\/wp-content\/uploads\/sites\/5\/2021\/03\/cropped-logo-height240.png\",\"width\":419,\"height\":240,\"caption\":\"J\u00fcdisches Dortmund | english\"},\"image\":{\"@id\":\"https:\/\/juedisches-dortmund.de\/en\/#\/schema\/logo\/image\/\"}}]}<\/script>\n<!-- \/ Yoast SEO plugin. -->","yoast_head_json":{"title":"F\u00fchrung: \u201eBeth Olam\u201c \u2013 der J\u00fcdische Friedhof - J\u00fcdisches Dortmund | english","robots":{"index":"index","follow":"follow","max-snippet":"max-snippet:-1","max-image-preview":"max-image-preview:large","max-video-preview":"max-video-preview:-1"},"canonical":"https:\/\/juedisches-dortmund.de\/en\/events\/beth-olam-der-juedische-friedhof\/","og_locale":"de_DE","og_type":"article","og_title":"F\u00fchrung: \u201eBeth Olam\u201c \u2013 der J\u00fcdische Friedhof - J\u00fcdisches Dortmund | english","og_description":"Arie Mozes (Dortmund): \u201eBeth Olam\u201c \u2013 der J\u00fcdische Friedhof F\u00fchrung J\u00fcdischer Friedhof, Eingang am Rennweg\/Wieckesweg, Dortmund-Wambel Der J\u00fcdische Friedhof ist \u201ebeth olam\u201c, \u00fcbersetzt: \u201eEwiges Haus\u201c. In der\u00a0Hebr\u00e4ischen Bibel, im letzten Vers des Buches Daniel, hei\u00dft es: \u201eGeh hin, bis das Ende kommt, und ruhe, bis du auferstehst zu deinem Erbteil am Ende der Tage.\u201c Friedh\u00f6fe [&hellip;]","og_url":"https:\/\/juedisches-dortmund.de\/en\/events\/beth-olam-der-juedische-friedhof\/","og_site_name":"J\u00fcdisches Dortmund | english","article_modified_time":"2021-05-01T11:31:21+00:00","og_image":[{"width":1000,"height":723,"url":"https:\/\/juedisches-dortmund.de\/en\/wp-content\/uploads\/sites\/5\/2021\/04\/Friedhof-am-Rennweg-3_sw_C.right-Rabbiner-Apel-2015_web.jpg","type":"image\/jpeg"}],"twitter_card":"summary_large_image","twitter_misc":{"Gesch\u00e4tzte Lesezeit":"1\u00a0Minute"},"schema":{"@context":"https:\/\/schema.org","@graph":[{"@type":"WebPage","@id":"https:\/\/juedisches-dortmund.de\/en\/events\/beth-olam-der-juedische-friedhof\/","url":"https:\/\/juedisches-dortmund.de\/en\/events\/beth-olam-der-juedische-friedhof\/","name":"F\u00fchrung: \u201eBeth Olam\u201c \u2013 der J\u00fcdische Friedhof - J\u00fcdisches Dortmund | english","isPartOf":{"@id":"https:\/\/juedisches-dortmund.de\/en\/#website"},"primaryImageOfPage":{"@id":"https:\/\/juedisches-dortmund.de\/en\/events\/beth-olam-der-juedische-friedhof\/#primaryimage"},"image":{"@id":"https:\/\/juedisches-dortmund.de\/en\/events\/beth-olam-der-juedische-friedhof\/#primaryimage"},"thumbnailUrl":"https:\/\/juedisches-dortmund.de\/en\/wp-content\/uploads\/sites\/5\/2021\/04\/Friedhof-am-Rennweg-3_sw_C.right-Rabbiner-Apel-2015_web.jpg","datePublished":"2021-04-09T13:25:32+00:00","dateModified":"2021-05-01T11:31:21+00:00","breadcrumb":{"@id":"https:\/\/juedisches-dortmund.de\/en\/events\/beth-olam-der-juedische-friedhof\/#breadcrumb"},"inLanguage":"de","potentialAction":[{"@type":"ReadAction","target":["https:\/\/juedisches-dortmund.de\/en\/events\/beth-olam-der-juedische-friedhof\/"]}]},{"@type":"ImageObject","inLanguage":"de","@id":"https:\/\/juedisches-dortmund.de\/en\/events\/beth-olam-der-juedische-friedhof\/#primaryimage","url":"https:\/\/juedisches-dortmund.de\/en\/wp-content\/uploads\/sites\/5\/2021\/04\/Friedhof-am-Rennweg-3_sw_C.right-Rabbiner-Apel-2015_web.jpg","contentUrl":"https:\/\/juedisches-dortmund.de\/en\/wp-content\/uploads\/sites\/5\/2021\/04\/Friedhof-am-Rennweg-3_sw_C.right-Rabbiner-Apel-2015_web.jpg","width":1000,"height":723,"caption":"J\u00fcdische Grabsteine Friedhof-am-Rennweg"},{"@type":"BreadcrumbList","@id":"https:\/\/juedisches-dortmund.de\/en\/events\/beth-olam-der-juedische-friedhof\/#breadcrumb","itemListElement":[{"@type":"ListItem","position":1,"name":"Startseite","item":"https:\/\/juedisches-dortmund.de\/en\/"},{"@type":"ListItem","position":2,"name":"Veranstaltungen","item":"https:\/\/juedisches-dortmund.de\/en\/events\/"},{"@type":"ListItem","position":3,"name":"F\u00fchrung: \u201eBeth Olam\u201c \u2013 der J\u00fcdische Friedhof"}]},{"@type":"WebSite","@id":"https:\/\/juedisches-dortmund.de\/en\/#website","url":"https:\/\/juedisches-dortmund.de\/en\/","name":"J\u00fcdisches Dortmund | english","description":"","publisher":{"@id":"https:\/\/juedisches-dortmund.de\/en\/#organization"},"potentialAction":[{"@type":"SearchAction","target":{"@type":"EntryPoint","urlTemplate":"https:\/\/juedisches-dortmund.de\/en\/?s={search_term_string}"},"query-input":{"@type":"PropertyValueSpecification","valueRequired":true,"valueName":"search_term_string"}}],"inLanguage":"de"},{"@type":"Organization","@id":"https:\/\/juedisches-dortmund.de\/en\/#organization","name":"J\u00fcdisches Dortmund | english","url":"https:\/\/juedisches-dortmund.de\/en\/","logo":{"@type":"ImageObject","inLanguage":"de","@id":"https:\/\/juedisches-dortmund.de\/en\/#\/schema\/logo\/image\/","url":"https:\/\/juedisches-dortmund.de\/en\/wp-content\/uploads\/sites\/5\/2021\/03\/cropped-logo-height240.png","contentUrl":"https:\/\/juedisches-dortmund.de\/en\/wp-content\/uploads\/sites\/5\/2021\/03\/cropped-logo-height240.png","width":419,"height":240,"caption":"J\u00fcdisches Dortmund | english"},"image":{"@id":"https:\/\/juedisches-dortmund.de\/en\/#\/schema\/logo\/image\/"}}]}},"_links":{"self":[{"href":"https:\/\/juedisches-dortmund.de\/en\/wp-json\/wp\/v2\/mec-events\/3511","targetHints":{"allow":["GET"]}}],"collection":[{"href":"https:\/\/juedisches-dortmund.de\/en\/wp-json\/wp\/v2\/mec-events"}],"about":[{"href":"https:\/\/juedisches-dortmund.de\/en\/wp-json\/wp\/v2\/types\/mec-events"}],"author":[{"embeddable":true,"href":"https:\/\/juedisches-dortmund.de\/en\/wp-json\/wp\/v2\/users\/2"}],"replies":[{"embeddable":true,"href":"https:\/\/juedisches-dortmund.de\/en\/wp-json\/wp\/v2\/comments?post=3511"}],"wp:featuredmedia":[{"embeddable":true,"href":"https:\/\/juedisches-dortmund.de\/en\/wp-json\/wp\/v2\/media\/4197"}],"wp:attachment":[{"href":"https:\/\/juedisches-dortmund.de\/en\/wp-json\/wp\/v2\/media?parent=3511"}],"wp:term":[{"taxonomy":"post_tag","embeddable":true,"href":"https:\/\/juedisches-dortmund.de\/en\/wp-json\/wp\/v2\/tags?post=3511"},{"taxonomy":"mec_category","embeddable":true,"href":"https:\/\/juedisches-dortmund.de\/en\/wp-json\/wp\/v2\/mec_category?post=3511"}],"curies":[{"name":"wp","href":"https:\/\/api.w.org\/{rel}","templated":true}]}}